





{"id":18,"date":"2022-06-25T19:41:09","date_gmt":"2022-06-25T17:41:09","guid":{"rendered":"https:\/\/manthonin.alwaysdata.net\/?page_id=18"},"modified":"2022-10-26T17:59:45","modified_gmt":"2022-10-26T17:59:45","slug":"la-cabane","status":"publish","type":"page","link":"https:\/\/boutiquemaraispoitevin.fr\/index.php\/la-cabane\/","title":{"rendered":"D\u00e9couvrez S\u00e9bastien, la cabane et le vieux port"},"content":{"rendered":"\n<p class=\"titre\">LA CABANE<\/p>\n\n\n\n<div style=\"height:2.5em\" aria-hidden=\"true\" class=\"wp-block-spacer space_phone\"><\/div>\n\n\n\n<div class=\"wp-block-columns is-layout-flex wp-container-core-columns-is-layout-9d6595d7 wp-block-columns-is-layout-flex\">\n<div class=\"wp-block-column is-layout-flow wp-block-column-is-layout-flow\" style=\"flex-basis:5%\"><\/div>\n\n\n\n<div class=\"wp-block-column blocImg btnCabane example is-layout-flow wp-block-column-is-layout-flow\">\n<h1 class=\"has-text-align-center btnCabane has-text-color wp-block-heading\" style=\"color:#481700\">La cabane<\/h1>\n\n\n\n<style>\n    *\n    {\tbox-sizing:border-box;\n        margin: 0;\n        padding: 0;\n    }\n    p\n    {\tmargin-block-start: 0em;\n        margin-block-end: 0em;\n    }\n    section\n    {\ttext-align:center;\n        \n    }\n    section h1\n    {\tmargin : 40px 0px;\n    }\n    \n    #container1 > div\n    {\toverflow-x:hidden;\n        position:relative;\n    }\n    #container\n    {\tposition:relative;\n        display:flex;\n        z-index:450;\n        transition: left ease 0.4s;\n        left:0px;\n    }\n    #container li\n    {\tmargin: auto;\n        height:400px;\n        width:400px;\n        min-width:400px;\n        position:relative;\n        list-style:none;\n    }\n    #container img\n    {\twidth:100%;\n        object-fit:cover;\n        height:100%;\n        display:block;\t\n        filter: brightness(90%) grayscale(80%);\n    }\n    #container  p\n    {\tposition:absolute;\n        top:5%;\n        left:5%;\n        width:90%;\n        height:90%;\n        display:flex;\n        justify-content:center;\n        align-items:center;\n        z-index:200;\n        border:5px solid white;\n        text-transform: uppercase;\n        font-weight: 700;\n        font-size: 1.2rem;\n        color:white;\n    }\n    \n    #container p:hover{\n        background-color: #edb16372;\n    }\n    <\/style>\n    \n        <section id=\"container1\">\n                <div>\t\n                    <ul id=\"container\">\n                        <li>\n                            <a href=\"#ancreCabane\">\n                                <img decoding=\"async\" src=\"https:\/\/boutiquemaraispoitevin.fr\/wp-content\/uploads\/2022\/07\/IMG_5365-scaled-1-1024x683.jpg?_t=1659376322\">\n                                <p class=\"t1\">La cabane<\/p>\n                            <\/a>\n                        <\/li>\n                    <\/ul>\n                <\/div>\n        <\/section>\n<\/div>\n\n\n\n<div class=\"wp-block-column is-layout-flow wp-block-column-is-layout-flow\" style=\"flex-basis:10%\">\n<div style=\"height:100px\" aria-hidden=\"true\" class=\"wp-block-spacer space_phone\"><\/div>\n<\/div>\n\n\n\n<div class=\"wp-block-column blocImg btnPort is-layout-flow wp-block-column-is-layout-flow\">\n<h1 class=\"has-text-align-center btnPort has-text-color wp-block-heading\" style=\"color:#481700\">Le vieux port<\/h1>\n\n\n\n<style>\n    *\n    {\tbox-sizing:border-box;\n        margin: 0;\n        padding: 0;\n    }\n    p\n    {\tmargin-block-start: 0em;\n        margin-block-end: 0em;\n    }\n    section\n    {\ttext-align:center;\n        \n    }\n    section h1\n    {\tmargin : 40px 0px;\n    }\n    \n    #container1 > div\n    {\toverflow-x:hidden;\n        position:relative;\n    }\n    #container\n    {\tposition:relative;\n        display:flex;\n        z-index:450;\n        transition: left ease 0.4s;\n        left:0px;\n    }\n    #container li\n    {\tmargin: auto;\n        height:400px;\n        width:400px;\n        min-width:400px;\n        position:relative;\n        list-style:none;\n    }\n    #container img\n    {\twidth:100%;\n        object-fit:cover;\n        height:100%;\n        display:block;\t\n        filter: brightness(90%) grayscale(80%);\n    }\n    #container  p\n    {\tposition:absolute;\n        top:5%;\n        left:5%;\n        width:90%;\n        height:90%;\n        display:flex;\n        justify-content:center;\n        align-items:center;\n        z-index:200;\n        border:5px solid white;\n        text-transform: uppercase;\n        font-weight: 700;\n        font-size: 1.2rem;\n        color:white;\n    }\n    \n    #container p:hover{\n        background-color: #edb16372;\n    }\n    <\/style>\n    \n        <section id=\"container1\">\n                <div>\t\n                    <ul id=\"container\">\n                        <li>\n                            <a href=\"#ancreCabane\">\n                                <img decoding=\"async\" src=\"https:\/\/boutiquemaraispoitevin.fr\/wp-content\/uploads\/2022\/07\/IMG_5373-scaled-1-1536x1024.jpg?_t=1659376325\">\n                                <p class=\"t1\">Le vieux port<\/p>\n                            <\/a>\n                        <\/li>\n                    <\/ul>\n                <\/div>\n        <\/section>\n<\/div>\n\n\n\n<div class=\"wp-block-column is-layout-flow wp-block-column-is-layout-flow\" style=\"flex-basis:5%\">\n<div style=\"height:100px\" aria-hidden=\"true\" class=\"wp-block-spacer space_phone\"><\/div>\n<\/div>\n<\/div>\n\n\n\n<div class=\"wp-block-columns is-layout-flex wp-container-core-columns-is-layout-9d6595d7 wp-block-columns-is-layout-flex\">\n<div class=\"wp-block-column is-layout-flow wp-block-column-is-layout-flow\" style=\"flex-basis:100%\">\n<div class=\"wp-block-columns is-layout-flex wp-container-core-columns-is-layout-9d6595d7 wp-block-columns-is-layout-flex\">\n<div class=\"wp-block-column is-layout-flow wp-block-column-is-layout-flow\" style=\"flex-basis:25%\"><\/div>\n\n\n\n<div class=\"wp-block-column space_phone is-layout-flow wp-block-column-is-layout-flow\" style=\"flex-basis:50%\">\n<hr class=\"wp-block-separator has-alpha-channel-opacity\"\/>\n<\/div>\n\n\n\n<div class=\"wp-block-column is-layout-flow wp-block-column-is-layout-flow\" style=\"flex-basis:25%\"><\/div>\n<\/div>\n<\/div>\n<\/div>\n\n\n\n<h3 class=\"has-text-align-center title0 has-text-color wp-block-heading\" id=\"ancreCabane\" style=\"color:#481700\">La cabane<\/h3>\n\n\n\n<div class=\"wp-block-columns elemCabaneGlobal is-layout-flex wp-container-core-columns-is-layout-9d6595d7 wp-block-columns-is-layout-flex\">\n<div class=\"wp-block-column is-layout-flow wp-block-column-is-layout-flow\" style=\"flex-basis:5%\">\n<div style=\"height:490px\" aria-hidden=\"true\" class=\"wp-block-spacer space_phone\"><\/div>\n<\/div>\n\n\n\n<div class=\"wp-block-column is-layout-flow wp-block-column-is-layout-flow\">\n<figure class=\"wp-block-image size-large img1 elemCabane\"><img loading=\"lazy\" decoding=\"async\" width=\"1024\" height=\"683\" src=\"https:\/\/boutiquemaraispoitevin.fr\/wp-content\/uploads\/2022\/08\/IMG_5465-1024x683.jpg\" alt=\"\" class=\"wp-image-725\" srcset=\"https:\/\/boutiquemaraispoitevin.fr\/wp-content\/uploads\/2022\/08\/IMG_5465-1024x683.jpg 1024w, https:\/\/boutiquemaraispoitevin.fr\/wp-content\/uploads\/2022\/08\/IMG_5465-300x200.jpg 300w, https:\/\/boutiquemaraispoitevin.fr\/wp-content\/uploads\/2022\/08\/IMG_5465-768x512.jpg 768w\" sizes=\"auto, (max-width: 1024px) 100vw, 1024px\" \/><\/figure>\n\n\n\n<h3 class=\"has-text-align-center title1 elemCabane has-text-color wp-block-heading\" style=\"color:#481700\">Qui je suis ?<\/h3>\n\n\n\n<p class=\"txt1 elemCabane link has-text-color has-medium-font-size\" style=\"color:#b1b2af\">S\u00e9bastien, g\u00e9rant de la boutique, sera ravi de vous accueillir de P\u00e2ques \u00e0 la Toussaint.<br>Il se fera un plaisir de r\u00e9pondre \u00e0 toutes vos <a href=\"https:\/\/boutiquemaraispoitevin.fr\/index.php\/contact\/\" title=\"Contactez le magasin La Cabane\">questions<\/a> et pourra m\u00eame \u00e9galement r\u00e9aliser vos colis ou paniers garnis en fonction de vos envies.<\/p>\n<\/div>\n\n\n\n<div class=\"wp-block-column is-layout-flow wp-block-column-is-layout-flow\" style=\"flex-basis:15%\">\n<div style=\"height:100px\" aria-hidden=\"true\" class=\"wp-block-spacer space_phone\"><\/div>\n<\/div>\n\n\n\n<div class=\"wp-block-column is-layout-flow wp-block-column-is-layout-flow\">\n<figure class=\"wp-block-image size-large img2 elemCabane\"><img decoding=\"async\" src=\"https:\/\/boutiquemaraispoitevin.fr\/wp-content\/uploads\/2022\/07\/IMG_5371-scaled-1.jpg?_t=1659376327\" alt=\"\"\/><\/figure>\n\n\n\n<h3 class=\"has-text-align-center title2 elemCabane has-text-color wp-block-heading\" style=\"color:#481700\">La cabane : <\/h3>\n\n\n\n<p class=\"txt2 elemCabane has-text-color has-medium-font-size\" style=\"color:#b1b2af\">Petite \u00e9choppe situ\u00e9e aux pieds de l\u2019abbaye St Pierre de Maillezais \u00e0 proximit\u00e9 de l\u2019embarcad\u00e8re. Cette boutique install\u00e9e depuis 1985, comblera petits et grands gr\u00e2ce \u00e0 sa diversit\u00e9 de produits propos\u00e9s.<\/p>\n<\/div>\n\n\n\n<div class=\"wp-block-column is-layout-flow wp-block-column-is-layout-flow\" style=\"flex-basis:5%\">\n<div style=\"height:100px\" aria-hidden=\"true\" class=\"wp-block-spacer space_phone\"><\/div>\n<\/div>\n<\/div>\n\n\n\n<p class=\"has-text-align-left elemPort has-text-color has-medium-font-size\" style=\"color:#b1b2af\">Venez d\u00e9couvrir ce magnifique site o\u00f9 tout est \u00e0 votre disposition et mis en \u0153uvre pour que vous passiez une belle journ\u00e9e.<br>Parking gratuit, visite de l\u2019abbaye, balade en barque, restauration sur place, sans oublier de faire une halte par la boutique, La Cabane. Au plaisir de vous rencontrer.<\/p>\n\n\n\n<div class=\"wp-block-columns is-layout-flex wp-container-core-columns-is-layout-9d6595d7 wp-block-columns-is-layout-flex\">\n<div class=\"wp-block-column blocImg elemPort is-layout-flow wp-block-column-is-layout-flow\">\n<div class=\"wp-block-group is-vertical is-content-justification-center is-layout-flex wp-container-core-group-is-layout-4b2eccd6 wp-block-group-is-layout-flex\">\n<h5 class=\"has-text-align-center has-text-color wp-block-heading\" style=\"color:#481700\">L\u2019abbaye de Maillezais<\/h5>\n\n\n\n<figure class=\"wp-block-image size-large\"><img decoding=\"async\" src=\"https:\/\/boutiquemaraispoitevin.fr\/wp-content\/uploads\/2022\/07\/IMG_5432-scaled-1-2048x1366.jpg?_t=1659376337\" alt=\"\"\/><\/figure>\n<\/div>\n\n\n\n<div style=\"height:2em\" aria-hidden=\"true\" class=\"wp-block-spacer\"><\/div>\n\n\n\n<div class=\"wp-block-media-text alignwide\" style=\"grid-template-columns:15% auto\"><figure class=\"wp-block-media-text__media\"><img loading=\"lazy\" decoding=\"async\" width=\"128\" height=\"128\" src=\"https:\/\/boutiquemaraispoitevin.fr\/wp-content\/uploads\/2022\/06\/telephone.png\" alt=\"\" class=\"wp-image-328 size-full\"\/><\/figure><div class=\"wp-block-media-text__content\">\n<a class=\"has-text-align-center has-text-color has-medium-font-size phone\" style=\"color:#481700\" href=\"tel:+33251536680\">02 51 53 66 80<\/a>\n<\/div><\/div>\n\n\n\n<div style=\"height:1em\" aria-hidden=\"true\" class=\"wp-block-spacer\"><\/div>\n\n\n\n<div class=\"wp-block-media-text alignwide\" style=\"grid-template-columns:15% auto\"><figure class=\"wp-block-media-text__media\"><img loading=\"lazy\" decoding=\"async\" width=\"128\" height=\"128\" src=\"https:\/\/boutiquemaraispoitevin.fr\/wp-content\/uploads\/2022\/07\/site-internet-1.png\" alt=\"\" class=\"wp-image-444 size-full\"\/><\/figure><div class=\"wp-block-media-text__content\">\n<div class=\"wp-block-buttons is-content-justification-left is-layout-flex wp-container-core-buttons-is-layout-fdcfc74e wp-block-buttons-is-layout-flex\">\n<div class=\"wp-block-button has-custom-width wp-block-button__width-75\"><a class=\"wp-block-button__link\" href=\"https:\/\/www.sitesculturels.vendee.fr\/Abbaye-de-Maillezais\" style=\"border-radius:15px\" target=\"_blank\" rel=\"noreferrer noopener\">VOIR LE SITE<\/a><\/div>\n<\/div>\n<\/div><\/div>\n<\/div>\n\n\n\n<div class=\"wp-block-column blocImg elemPort is-layout-flow wp-block-column-is-layout-flow\">\n<div class=\"wp-block-group is-vertical is-content-justification-center is-layout-flex wp-container-core-group-is-layout-4b2eccd6 wp-block-group-is-layout-flex\">\n<h5 class=\"has-text-align-center has-text-color wp-block-heading\" style=\"color:#481700\">L\u2019\u00e9chauguette<\/h5>\n\n\n\n<figure class=\"wp-block-image size-large\"><img decoding=\"async\" src=\"https:\/\/boutiquemaraispoitevin.fr\/wp-content\/uploads\/2022\/07\/IMG_5375-scaled-1-2048x1366.jpg?_t=1659376334\" alt=\"\"\/><\/figure>\n<\/div>\n\n\n\n<div style=\"height:2em\" aria-hidden=\"true\" class=\"wp-block-spacer\"><\/div>\n\n\n\n<div class=\"wp-block-media-text alignwide is-vertically-aligned-center\" style=\"grid-template-columns:15% auto\"><figure class=\"wp-block-media-text__media\"><img loading=\"lazy\" decoding=\"async\" width=\"128\" height=\"128\" src=\"https:\/\/boutiquemaraispoitevin.fr\/wp-content\/uploads\/2022\/06\/telephone.png\" alt=\"\" class=\"wp-image-328 size-full\"\/><\/figure><div class=\"wp-block-media-text__content\">\n<a class=\"has-text-align-center has-text-color has-medium-font-size phone\" style=\"color:#481700\" href=\"tel:+33977680953\">09 77 68 09 53<\/a>\n<\/div><\/div>\n\n\n\n<div style=\"height:1em\" aria-hidden=\"true\" class=\"wp-block-spacer\"><\/div>\n\n\n\n<div class=\"wp-block-media-text alignwide\" style=\"grid-template-columns:15% auto\"><figure class=\"wp-block-media-text__media\"><img loading=\"lazy\" decoding=\"async\" width=\"128\" height=\"128\" src=\"https:\/\/boutiquemaraispoitevin.fr\/wp-content\/uploads\/2022\/07\/site-internet-1.png\" alt=\"\" class=\"wp-image-444 size-full\"\/><\/figure><div class=\"wp-block-media-text__content\">\n<div class=\"wp-block-buttons is-content-justification-left is-layout-flex wp-container-core-buttons-is-layout-fdcfc74e wp-block-buttons-is-layout-flex\">\n<div class=\"wp-block-button has-custom-width wp-block-button__width-75\"><a class=\"wp-block-button__link\" href=\"https:\/\/echauguette-maillezais.fr\/\" style=\"border-radius:15px\" target=\"_blank\" rel=\"noreferrer noopener\">VOIR LE SITE<\/a><\/div>\n<\/div>\n<\/div><\/div>\n<\/div>\n\n\n\n<div class=\"wp-block-column blocImg elemPort is-layout-flow wp-block-column-is-layout-flow\">\n<div class=\"wp-block-group is-vertical is-content-justification-center is-layout-flex wp-container-core-group-is-layout-4b2eccd6 wp-block-group-is-layout-flex\">\n<h5 class=\"has-text-align-center has-text-color wp-block-heading\" style=\"color:#481700\">Embarcad\u00e8re de l&#8217;Abbaye<\/h5>\n\n\n\n<figure class=\"wp-block-image size-large\"><img decoding=\"async\" src=\"https:\/\/boutiquemaraispoitevin.fr\/wp-content\/uploads\/2022\/07\/IMG_5373-scaled-1-2048x1366.jpg?_t=1659376326\" alt=\"\"\/><\/figure>\n<\/div>\n\n\n\n<div style=\"height:2em\" aria-hidden=\"true\" class=\"wp-block-spacer\"><\/div>\n\n\n\n<div class=\"wp-block-media-text alignwide is-vertically-aligned-center\" style=\"grid-template-columns:15% auto\"><figure class=\"wp-block-media-text__media\"><img loading=\"lazy\" decoding=\"async\" width=\"128\" height=\"128\" src=\"https:\/\/boutiquemaraispoitevin.fr\/wp-content\/uploads\/2022\/06\/telephone.png\" alt=\"\" class=\"wp-image-328 size-full\"\/><\/figure><div class=\"wp-block-media-text__content\">\n<a class=\"has-text-align-center has-text-color has-medium-font-size phone\" style=\"color:#481700\" href=\"tel:+33251872187\">02 51 87 21 87<\/a>\n<\/div><\/div>\n\n\n\n<div style=\"height:1em\" aria-hidden=\"true\" class=\"wp-block-spacer\"><\/div>\n\n\n\n<div class=\"wp-block-media-text alignwide is-vertically-aligned-center\" style=\"grid-template-columns:15% auto\"><figure class=\"wp-block-media-text__media\"><img loading=\"lazy\" decoding=\"async\" width=\"128\" height=\"128\" src=\"https:\/\/boutiquemaraispoitevin.fr\/wp-content\/uploads\/2022\/07\/site-internet-1.png\" alt=\"\" class=\"wp-image-444 size-full\"\/><\/figure><div class=\"wp-block-media-text__content\">\n<div class=\"wp-block-buttons is-content-justification-left is-layout-flex wp-container-core-buttons-is-layout-fdcfc74e wp-block-buttons-is-layout-flex\">\n<div class=\"wp-block-button has-custom-width wp-block-button__width-75 is-style-fill\"><a class=\"wp-block-button__link\" href=\"https:\/\/www.marais-poitevin-tourisme.com\/\" style=\"border-radius:15px\" target=\"_blank\" rel=\"noreferrer noopener\">VOIR LE SITE<\/a><\/div>\n<\/div>\n<\/div><\/div>\n<\/div>\n<\/div>\n","protected":false},"excerpt":{"rendered":"<p>LA CABANE La cabane La cabane Le vieux port Le vieux port La cabane Qui je suis ? S\u00e9bastien, g\u00e9rant de la [&hellip;]<\/p>\n","protected":false},"author":3,"featured_media":0,"parent":0,"menu_order":0,"comment_status":"closed","ping_status":"closed","template":"","meta":{"om_disable_all_campaigns":false,"_monsterinsights_skip_tracking":false,"_monsterinsights_sitenote_active":false,"_monsterinsights_sitenote_note":"","_monsterinsights_sitenote_category":0,"footnotes":""},"class_list":["post-18","page","type-page","status-publish","hentry"],"aioseo_notices":[],"_links":{"self":[{"href":"https:\/\/boutiquemaraispoitevin.fr\/index.php\/wp-json\/wp\/v2\/pages\/18","targetHints":{"allow":["GET"]}}],"collection":[{"href":"https:\/\/boutiquemaraispoitevin.fr\/index.php\/wp-json\/wp\/v2\/pages"}],"about":[{"href":"https:\/\/boutiquemaraispoitevin.fr\/index.php\/wp-json\/wp\/v2\/types\/page"}],"author":[{"embeddable":true,"href":"https:\/\/boutiquemaraispoitevin.fr\/index.php\/wp-json\/wp\/v2\/users\/3"}],"replies":[{"embeddable":true,"href":"https:\/\/boutiquemaraispoitevin.fr\/index.php\/wp-json\/wp\/v2\/comments?post=18"}],"version-history":[{"count":123,"href":"https:\/\/boutiquemaraispoitevin.fr\/index.php\/wp-json\/wp\/v2\/pages\/18\/revisions"}],"predecessor-version":[{"id":1659,"href":"https:\/\/boutiquemaraispoitevin.fr\/index.php\/wp-json\/wp\/v2\/pages\/18\/revisions\/1659"}],"wp:attachment":[{"href":"https:\/\/boutiquemaraispoitevin.fr\/index.php\/wp-json\/wp\/v2\/media?parent=18"}],"curies":[{"name":"wp","href":"https:\/\/api.w.org\/{rel}","templated":true}]}}